{"id":201,"date":"2025-06-05T11:25:23","date_gmt":"2025-06-05T11:25:23","guid":{"rendered":"https:\/\/megaexpovillamaria.com.ar\/exposicion-villa-maria\/?page_id=201"},"modified":"2025-09-08T16:32:09","modified_gmt":"2025-09-08T16:32:09","slug":"prensa","status":"publish","type":"page","link":"https:\/\/megaexpovillamaria.com.ar\/exposicion-villa-maria\/prensa\/","title":{"rendered":"Prensa"},"content":{"rendered":"\t\t<div data-elementor-type=\"wp-page\" data-elementor-id=\"201\" class=\"elementor elementor-201\">\n\t\t\t\t<div class=\"elementor-element elementor-element-mywc1v6 e-flex e-con-boxed e-con e-parent\" data-id=\"mywc1v6\" data-element_type=\"container\" data-e-type=\"container\" data-settings=\"{&quot;background_background&quot;:&quot;classic&quot;}\">\n\t\t\t\t\t<div class=\"e-con-inner\">\n\t\t<div class=\"elementor-element elementor-element-341f31e e-con-full e-flex e-con e-child\" data-id=\"341f31e\" data-element_type=\"container\" data-e-type=\"container\">\n\t\t\t\t<div class=\"elementor-element elementor-element-c607c23 elementor-widget elementor-widget-heading\" data-id=\"c607c23\" data-element_type=\"widget\" data-e-type=\"widget\" data-widget_type=\"heading.default\">\n\t\t\t\t<div class=\"elementor-widget-container\">\n\t\t\t\t\t<h1 class=\"elementor-heading-title elementor-size-default\">Prensa<\/h1>\t\t\t\t<\/div>\n\t\t\t\t<\/div>\n\t\t\t\t<\/div>\n\t\t\t\t\t<\/div>\n\t\t\t\t<\/div>\n\t\t<div class=\"elementor-element elementor-element-48ab922 e-flex e-con-boxed e-con e-parent\" data-id=\"48ab922\" data-element_type=\"container\" data-e-type=\"container\">\n\t\t\t\t\t<div class=\"e-con-inner\">\n\t\t\t\t<div class=\"elementor-element elementor-element-73f9344 elementor-widget elementor-widget-spacer\" data-id=\"73f9344\" data-element_type=\"widget\" data-e-type=\"widget\" data-widget_type=\"spacer.default\">\n\t\t\t\t<div class=\"elementor-widget-container\">\n\t\t\t\t\t\t\t<div class=\"elementor-spacer\">\n\t\t\t<div class=\"elementor-spacer-inner\"><\/div>\n\t\t<\/div>\n\t\t\t\t\t\t<\/div>\n\t\t\t\t<\/div>\n\t\t\t\t\t<\/div>\n\t\t\t\t<\/div>\n\t\t<div class=\"elementor-element elementor-element-6a71ecb e-flex e-con-boxed e-con e-parent\" data-id=\"6a71ecb\" data-element_type=\"container\" data-e-type=\"container\">\n\t\t\t\t\t<div class=\"e-con-inner\">\n\t\t\t\t<div class=\"elementor-element elementor-element-058d672 elementor-widget elementor-widget-spacer\" data-id=\"058d672\" data-element_type=\"widget\" data-e-type=\"widget\" data-widget_type=\"spacer.default\">\n\t\t\t\t<div class=\"elementor-widget-container\">\n\t\t\t\t\t\t\t<div class=\"elementor-spacer\">\n\t\t\t<div class=\"elementor-spacer-inner\"><\/div>\n\t\t<\/div>\n\t\t\t\t\t\t<\/div>\n\t\t\t\t<\/div>\n\t\t\t\t\t<\/div>\n\t\t\t\t<\/div>\n\t\t<div class=\"elementor-element elementor-element-52d693f e-flex e-con-boxed e-con e-parent\" data-id=\"52d693f\" data-element_type=\"container\" data-e-type=\"container\">\n\t\t\t\t\t<div class=\"e-con-inner\">\n\t\t\t\t<div class=\"elementor-element elementor-element-d0c58ab elementor-widget elementor-widget-elementskit-blog-posts\" data-id=\"d0c58ab\" data-element_type=\"widget\" data-e-type=\"widget\" data-widget_type=\"elementskit-blog-posts.default\">\n\t\t\t\t<div class=\"elementor-widget-container\">\n\t\t\t\t\t<div class=\"ekit-wid-con\" >        <div id=\"post-items--d0c58ab\" class=\"row post-items\">\n                    <div class=\"col-lg-4 col-md-6\">\n\n                                    <div class=\"elementskit-post-image-card\">\n                        <div class=\"elementskit-entry-header\">\n                                                            <a href=\"https:\/\/megaexpovillamaria.com.ar\/exposicion-villa-maria\/la-meca25-supero-los-26-700-asistentes-y-marco-un-record\/\" class=\"elementskit-entry-thumb\">\n                                    <img decoding=\"async\" src=\"https:\/\/megaexpovillamaria.com.ar\/exposicion-villa-maria\/wp-content\/uploads\/2025\/09\/meca-domingo-3.jpg\" alt=\"La MECA25 super\u00f3 los 26.700 asistentes y marc\u00f3 un r\u00e9cord\">\n                                <\/a><!-- .elementskit-entry-thumb END -->\n                                                            \n                            \n\t\t\t\t\t\t\t\t\t\t\t\t\t<\/div><!-- .elementskit-entry-header END -->\n\n\t\t\t\t\t\t<div class=\"elementskit-post-body \">\n\t\t\t\t\t\t\t\n\t\t\t\t\t\t\t\t\t\t\t\t\t\t\t\t\t\t\t\t\t\t\t\t\t\t\t\t\t\t\n\t\t\t\t\t\t\t\t\n\t\t\t\t\t\t\t\t\t\t\t\t\t\t\t\t\t\t\t\t\t<h2 class=\"entry-title\">\n\t\t\t\t\t<a href=\"https:\/\/megaexpovillamaria.com.ar\/exposicion-villa-maria\/la-meca25-supero-los-26-700-asistentes-y-marco-un-record\/\">\n\t\t\t\t\t\tLa MECA25 super\u00f3 los 26.700 asistentes y marc\u00f3 un r\u00e9cord\t\t\t\t\t<\/a>\n\t\t\t\t<\/h2>\n\t\t\t\t\t\t\t\t\t\t\t\t\t\t\t\t\t\t\t\t\t\t\t\t\t\t\t\t\t\t\t\t\t\t\t\t\t\t\t\t\t\t<p>Con m\u00e1s de 300 stands, exhibiciones tecnol\u00f3gicas, competencias ganaderas, capacitaciones y la Fiesta Nacional del Holando, entre otros atractivos, la MegaExpo del Centro Argentino -MECA- cerr\u00f3 su edici\u00f3n 2025 con una convocatoria hist\u00f3rica para la ciudad de Villa Mar\u00eda, mostrando el potencial productivo de la regi\u00f3n y sentando bases para los pr\u00f3ximos a\u00f1os.<\/p>\n\t\t\t\t\t\t\t\t\t\t\t\t\t\t\t\t\t\t\t\t\t\t                                                            <div class=\"btn-wraper\">\n                                    \n                                                                            <a class=\"elementskit-btn whitespace--normal\" id=\"\" href=\"https:\/\/megaexpovillamaria.com.ar\/exposicion-villa-maria\/la-meca25-supero-los-26-700-asistentes-y-marco-un-record\/\">\n                                        \t                                            Ver m\u00e1s                                         <\/a>\n                                                                    <\/div>\n                                                    <\/div><!-- .elementskit-post-body END -->\n                    <\/div>\n                \n            <\/div>\n                    <div class=\"col-lg-4 col-md-6\">\n\n                                    <div class=\"elementskit-post-image-card\">\n                        <div class=\"elementskit-entry-header\">\n                                                            <a href=\"https:\/\/megaexpovillamaria.com.ar\/exposicion-villa-maria\/los-ganadores-del-concurso-de-maestros-queseros-daniel-jose-montes\/\" class=\"elementskit-entry-thumb\">\n                                    <img decoding=\"async\" src=\"https:\/\/megaexpovillamaria.com.ar\/exposicion-villa-maria\/wp-content\/uploads\/2025\/09\/quesos-concurso.jpg\" alt=\"Los ganadores del Concurso de Maestros Queseros \u201cDaniel Jos\u00e9 Montes\u201d\">\n                                <\/a><!-- .elementskit-entry-thumb END -->\n                                                            \n                            \n\t\t\t\t\t\t\t\t\t\t\t\t\t<\/div><!-- .elementskit-entry-header END -->\n\n\t\t\t\t\t\t<div class=\"elementskit-post-body \">\n\t\t\t\t\t\t\t\n\t\t\t\t\t\t\t\t\t\t\t\t\t\t\t\t\t\t\t\t\t\t\t\t\t\t\t\t\t\t\n\t\t\t\t\t\t\t\t\n\t\t\t\t\t\t\t\t\t\t\t\t\t\t\t\t\t\t\t\t\t<h2 class=\"entry-title\">\n\t\t\t\t\t<a href=\"https:\/\/megaexpovillamaria.com.ar\/exposicion-villa-maria\/los-ganadores-del-concurso-de-maestros-queseros-daniel-jose-montes\/\">\n\t\t\t\t\t\tLos ganadores del Concurso de Maestros Queseros \u201cDaniel Jos\u00e9 Montes\u201d\t\t\t\t\t<\/a>\n\t\t\t\t<\/h2>\n\t\t\t\t\t\t\t\t\t\t\t\t\t\t\t\t\t\t\t\t\t\t\t\t\t\t\t\t\t\t\t\t\t\t\t\t\t\t\t\t\t\t<p>Cerrando el tercer d\u00eda de la exposici\u00f3n se llev\u00f3 a cabo en el Pabell\u00f3n de Quesos y Alimentos de MECA25 la ceremonia de premiaciones del Concurso de Maestros Queseros, que tuvo como m\u00e1ximos consagrados a un Reggianito de Charles Gide y un Sardo de la firma Lactear.<\/p>\n\t\t\t\t\t\t\t\t\t\t\t\t\t\t\t\t\t\t\t\t\t\t                                                            <div class=\"btn-wraper\">\n                                    \n                                                                            <a class=\"elementskit-btn whitespace--normal\" id=\"\" href=\"https:\/\/megaexpovillamaria.com.ar\/exposicion-villa-maria\/los-ganadores-del-concurso-de-maestros-queseros-daniel-jose-montes\/\">\n                                        \t                                            Ver m\u00e1s                                         <\/a>\n                                                                    <\/div>\n                                                    <\/div><!-- .elementskit-post-body END -->\n                    <\/div>\n                \n            <\/div>\n                    <div class=\"col-lg-4 col-md-6\">\n\n                                    <div class=\"elementskit-post-image-card\">\n                        <div class=\"elementskit-entry-header\">\n                                                            <a href=\"https:\/\/megaexpovillamaria.com.ar\/exposicion-villa-maria\/espacio-claves-politica-y-economia-en-analisis-para-entender-la-coyuntura-argentina\/\" class=\"elementskit-entry-thumb\">\n                                    <img decoding=\"async\" src=\"https:\/\/megaexpovillamaria.com.ar\/exposicion-villa-maria\/wp-content\/uploads\/2025\/09\/claves2.jpg\" alt=\"Espacio Claves: pol\u00edtica y econom\u00eda en an\u00e1lisis para entender la coyuntura argentina\">\n                                <\/a><!-- .elementskit-entry-thumb END -->\n                                                            \n                            \n\t\t\t\t\t\t\t\t\t\t\t\t\t<\/div><!-- .elementskit-entry-header END -->\n\n\t\t\t\t\t\t<div class=\"elementskit-post-body \">\n\t\t\t\t\t\t\t\n\t\t\t\t\t\t\t\t\t\t\t\t\t\t\t\t\t\t\t\t\t\t\t\t\t\t\t\t\t\t\n\t\t\t\t\t\t\t\t\n\t\t\t\t\t\t\t\t\t\t\t\t\t\t\t\t\t\t\t\t\t<h2 class=\"entry-title\">\n\t\t\t\t\t<a href=\"https:\/\/megaexpovillamaria.com.ar\/exposicion-villa-maria\/espacio-claves-politica-y-economia-en-analisis-para-entender-la-coyuntura-argentina\/\">\n\t\t\t\t\t\tEspacio Claves: pol\u00edtica y econom\u00eda en an\u00e1lisis para entender la coyuntura argentina\t\t\t\t\t<\/a>\n\t\t\t\t<\/h2>\n\t\t\t\t\t\t\t\t\t\t\t\t\t\t\t\t\t\t\t\t\t\t\t\t\t\t\t\t\t\t\t\t\t\t\t\t\t\t\t\t\t\t<p>Durante la tarde del s\u00e1bado en la Mega Exposici\u00f3n Agropecuaria del Centro Argentino 2025, en el auditorio de la Sociedad Rural de Villa Mar\u00eda se desarroll\u00f3 un conversatorio sobre pol\u00edtica y econom\u00eda argentina de cara a las elecciones. <\/p>\n\t\t\t\t\t\t\t\t\t\t\t\t\t\t\t\t\t\t\t\t\t\t                                                            <div class=\"btn-wraper\">\n                                    \n                                                                            <a class=\"elementskit-btn whitespace--normal\" id=\"\" href=\"https:\/\/megaexpovillamaria.com.ar\/exposicion-villa-maria\/espacio-claves-politica-y-economia-en-analisis-para-entender-la-coyuntura-argentina\/\">\n                                        \t                                            Ver m\u00e1s                                         <\/a>\n                                                                    <\/div>\n                                                    <\/div><!-- .elementskit-post-body END -->\n                    <\/div>\n                \n            <\/div>\n                    <div class=\"col-lg-4 col-md-6\">\n\n                                    <div class=\"elementskit-post-image-card\">\n                        <div class=\"elementskit-entry-header\">\n                                                            <a href=\"https:\/\/megaexpovillamaria.com.ar\/exposicion-villa-maria\/hidroponia-una-forma-limpia-de-producir-alimento\/\" class=\"elementskit-entry-thumb\">\n                                    <img decoding=\"async\" src=\"https:\/\/megaexpovillamaria.com.ar\/exposicion-villa-maria\/wp-content\/uploads\/2025\/09\/asistentes-hidroponia.jpg\" alt=\"Hidroponia, una forma limpia de producir alimento\">\n                                <\/a><!-- .elementskit-entry-thumb END -->\n                                                            \n                            \n\t\t\t\t\t\t\t\t\t\t\t\t\t<\/div><!-- .elementskit-entry-header END -->\n\n\t\t\t\t\t\t<div class=\"elementskit-post-body \">\n\t\t\t\t\t\t\t\n\t\t\t\t\t\t\t\t\t\t\t\t\t\t\t\t\t\t\t\t\t\t\t\t\t\t\t\t\t\t\n\t\t\t\t\t\t\t\t\n\t\t\t\t\t\t\t\t\t\t\t\t\t\t\t\t\t\t\t\t\t<h2 class=\"entry-title\">\n\t\t\t\t\t<a href=\"https:\/\/megaexpovillamaria.com.ar\/exposicion-villa-maria\/hidroponia-una-forma-limpia-de-producir-alimento\/\">\n\t\t\t\t\t\tHidroponia, una forma limpia de producir alimento\t\t\t\t\t<\/a>\n\t\t\t\t<\/h2>\n\t\t\t\t\t\t\t\t\t\t\t\t\t\t\t\t\t\t\t\t\t\t\t\t\t\t\t\t\t\t\t\t\t\t\t\t\t\t\t\t\t\t<p>Con atenci\u00f3n de un auditorio principal completo, el s\u00e1bado por la ma\u00f1ana en la Mega Exposici\u00f3n del Centro Argentino 2025 tuvo lugar una Jornada sobre Acuaponia (Hidroponia + Acuicultura), en la que disert\u00f3 Guillermo Aguirre, Jefe de la Agencia de Extensi\u00f3n Rural C\u00f3rdoba.<\/p>\n\t\t\t\t\t\t\t\t\t\t\t\t\t\t\t\t\t\t\t\t\t\t                                                            <div class=\"btn-wraper\">\n                                    \n                                                                            <a class=\"elementskit-btn whitespace--normal\" id=\"\" href=\"https:\/\/megaexpovillamaria.com.ar\/exposicion-villa-maria\/hidroponia-una-forma-limpia-de-producir-alimento\/\">\n                                        \t                                            Ver m\u00e1s                                         <\/a>\n                                                                    <\/div>\n                                                    <\/div><!-- .elementskit-post-body END -->\n                    <\/div>\n                \n            <\/div>\n                    <div class=\"col-lg-4 col-md-6\">\n\n                                    <div class=\"elementskit-post-image-card\">\n                        <div class=\"elementskit-entry-header\">\n                                                            <a href=\"https:\/\/megaexpovillamaria.com.ar\/exposicion-villa-maria\/nuevas-generaciones-y-los-desafios-de-lecheria-que-viene\/\" class=\"elementskit-entry-thumb\">\n                                    <img decoding=\"async\" src=\"https:\/\/megaexpovillamaria.com.ar\/exposicion-villa-maria\/wp-content\/uploads\/2025\/09\/jovenes-tamberos-2.jpg\" alt=\"Nuevas generaciones y los desaf\u00edos de lecher\u00eda que viene\">\n                                <\/a><!-- .elementskit-entry-thumb END -->\n                                                            \n                            \n\t\t\t\t\t\t\t\t\t\t\t\t\t<\/div><!-- .elementskit-entry-header END -->\n\n\t\t\t\t\t\t<div class=\"elementskit-post-body \">\n\t\t\t\t\t\t\t\n\t\t\t\t\t\t\t\t\t\t\t\t\t\t\t\t\t\t\t\t\t\t\t\t\t\t\t\t\t\t\n\t\t\t\t\t\t\t\t\n\t\t\t\t\t\t\t\t\t\t\t\t\t\t\t\t\t\t\t\t\t<h2 class=\"entry-title\">\n\t\t\t\t\t<a href=\"https:\/\/megaexpovillamaria.com.ar\/exposicion-villa-maria\/nuevas-generaciones-y-los-desafios-de-lecheria-que-viene\/\">\n\t\t\t\t\t\tNuevas generaciones y los desaf\u00edos de lecher\u00eda que viene\t\t\t\t\t<\/a>\n\t\t\t\t<\/h2>\n\t\t\t\t\t\t\t\t\t\t\t\t\t\t\t\t\t\t\t\t\t\t\t\t\t\t\t\t\t\t\t\t\t\t\t\t\t\t\t\t\t\t<p>Testimonio de j\u00f3venes que apuestan al tambo bajo sistemas de producciones diferentes se expusieron en la jornada La Lecher\u00eda del Futuro desarrollada en MECA25. \u00bfC\u00f3mo est\u00e1n trabajando las nuevas generaciones en las empresas tamberas de hoy?.<\/p>\n\t\t\t\t\t\t\t\t\t\t\t\t\t\t\t\t\t\t\t\t\t\t                                                            <div class=\"btn-wraper\">\n                                    \n                                                                            <a class=\"elementskit-btn whitespace--normal\" id=\"\" href=\"https:\/\/megaexpovillamaria.com.ar\/exposicion-villa-maria\/nuevas-generaciones-y-los-desafios-de-lecheria-que-viene\/\">\n                                        \t                                            Ver m\u00e1s                                         <\/a>\n                                                                    <\/div>\n                                                    <\/div><!-- .elementskit-post-body END -->\n                    <\/div>\n                \n            <\/div>\n                    <div class=\"col-lg-4 col-md-6\">\n\n                                    <div class=\"elementskit-post-image-card\">\n                        <div class=\"elementskit-entry-header\">\n                                                            <a href=\"https:\/\/megaexpovillamaria.com.ar\/exposicion-villa-maria\/meca25-la-campeona-suprema-de-la-fiesta-nacional-del-holando-es-de-santa-fe\/\" class=\"elementskit-entry-thumb\">\n                                    <img decoding=\"async\" src=\"https:\/\/megaexpovillamaria.com.ar\/exposicion-villa-maria\/wp-content\/uploads\/2025\/09\/campeona-suprema.jpg\" alt=\"MECA25: La Campeona Suprema de la Fiesta Nacional del Holando es de Santa Fe\">\n                                <\/a><!-- .elementskit-entry-thumb END -->\n                                                            \n                            \n\t\t\t\t\t\t\t\t\t\t\t\t\t<\/div><!-- .elementskit-entry-header END -->\n\n\t\t\t\t\t\t<div class=\"elementskit-post-body \">\n\t\t\t\t\t\t\t\n\t\t\t\t\t\t\t\t\t\t\t\t\t\t\t\t\t\t\t\t\t\t\t\t\t\t\t\t\t\t\n\t\t\t\t\t\t\t\t\n\t\t\t\t\t\t\t\t\t\t\t\t\t\t\t\t\t\t\t\t\t<h2 class=\"entry-title\">\n\t\t\t\t\t<a href=\"https:\/\/megaexpovillamaria.com.ar\/exposicion-villa-maria\/meca25-la-campeona-suprema-de-la-fiesta-nacional-del-holando-es-de-santa-fe\/\">\n\t\t\t\t\t\tMECA25: La Campeona Suprema de la Fiesta Nacional del Holando es de Santa Fe\t\t\t\t\t<\/a>\n\t\t\t\t<\/h2>\n\t\t\t\t\t\t\t\t\t\t\t\t\t\t\t\t\t\t\t\t\t\t\t\t\t\t\t\t\t\t\t\t\t\t\t\t\t\t\t\t\t\t<p>La caba\u00f1a La Luisa, de Guillermo Miretti e Hijos, se consagr\u00f3 con la mejor ejemplar Holando en la principal competencia de la raza en Argentina, de la cual participaron casi 100 ejemplares. \u201cTratamos que las vacas siempre sean duraderas, que tengan buenas patas, con muy buen sistema mamario y de buena gen\u00e9tica, como lo requieren los tambos exigentes de ahora\u201d, se\u00f1al\u00f3 su titular tras la consagraci\u00f3n efectuada en Villa Mar\u00eda.<\/p>\n\t\t\t\t\t\t\t\t\t\t\t\t\t\t\t\t\t\t\t\t\t\t                                                            <div class=\"btn-wraper\">\n                                    \n                                                                            <a class=\"elementskit-btn whitespace--normal\" id=\"\" href=\"https:\/\/megaexpovillamaria.com.ar\/exposicion-villa-maria\/meca25-la-campeona-suprema-de-la-fiesta-nacional-del-holando-es-de-santa-fe\/\">\n                                        \t                                            Ver m\u00e1s                                         <\/a>\n                                                                    <\/div>\n                                                    <\/div><!-- .elementskit-post-body END -->\n                    <\/div>\n                \n            <\/div>\n                    <div class=\"col-lg-4 col-md-6\">\n\n                                    <div class=\"elementskit-post-image-card\">\n                        <div class=\"elementskit-entry-header\">\n                                                            <a href=\"https:\/\/megaexpovillamaria.com.ar\/exposicion-villa-maria\/posibilidades-y-actualidad-del-sector-fueron-los-ejes-de-todocerdos-2025\/\" class=\"elementskit-entry-thumb\">\n                                    <img decoding=\"async\" src=\"https:\/\/megaexpovillamaria.com.ar\/exposicion-villa-maria\/wp-content\/uploads\/2025\/09\/brunori.jpg\" alt=\"Posibilidades y actualidad del sector fueron los ejes de TodoCerdos 2025\">\n                                <\/a><!-- .elementskit-entry-thumb END -->\n                                                            \n                            \n\t\t\t\t\t\t\t\t\t\t\t\t\t<\/div><!-- .elementskit-entry-header END -->\n\n\t\t\t\t\t\t<div class=\"elementskit-post-body \">\n\t\t\t\t\t\t\t\n\t\t\t\t\t\t\t\t\t\t\t\t\t\t\t\t\t\t\t\t\t\t\t\t\t\t\t\t\t\t\n\t\t\t\t\t\t\t\t\n\t\t\t\t\t\t\t\t\t\t\t\t\t\t\t\t\t\t\t\t\t<h2 class=\"entry-title\">\n\t\t\t\t\t<a href=\"https:\/\/megaexpovillamaria.com.ar\/exposicion-villa-maria\/posibilidades-y-actualidad-del-sector-fueron-los-ejes-de-todocerdos-2025\/\">\n\t\t\t\t\t\tPosibilidades y actualidad del sector fueron los ejes de TodoCerdos 2025\t\t\t\t\t<\/a>\n\t\t\t\t<\/h2>\n\t\t\t\t\t\t\t\t\t\t\t\t\t\t\t\t\t\t\t\t\t\t\t\t\t\t\t\t\t\t\t\t\t\t\t\t\t\t\t\t\t\t<p>El segundo d\u00eda de la Mega Exposici\u00f3n del Centro Argentino 2025 en la Sociedad Rural de Villa Mar\u00eda, tuvo una importante cita en las Jornadas TodoCerdos 2025, donde se exponen novedades, realidades y desaf\u00edos del sector. <\/p>\n\t\t\t\t\t\t\t\t\t\t\t\t\t\t\t\t\t\t\t\t\t\t                                                            <div class=\"btn-wraper\">\n                                    \n                                                                            <a class=\"elementskit-btn whitespace--normal\" id=\"\" href=\"https:\/\/megaexpovillamaria.com.ar\/exposicion-villa-maria\/posibilidades-y-actualidad-del-sector-fueron-los-ejes-de-todocerdos-2025\/\">\n                                        \t                                            Ver m\u00e1s                                         <\/a>\n                                                                    <\/div>\n                                                    <\/div><!-- .elementskit-post-body END -->\n                    <\/div>\n                \n            <\/div>\n                    <div class=\"col-lg-4 col-md-6\">\n\n                                    <div class=\"elementskit-post-image-card\">\n                        <div class=\"elementskit-entry-header\">\n                                                            <a href=\"https:\/\/megaexpovillamaria.com.ar\/exposicion-villa-maria\/entre-maiz-y-sorgo-el-manejo-y-la-nutricion-son-las-llaves-de-una-campana-positiva\/\" class=\"elementskit-entry-thumb\">\n                                    <img decoding=\"async\" src=\"https:\/\/megaexpovillamaria.com.ar\/exposicion-villa-maria\/wp-content\/uploads\/2025\/09\/disertante-jornada-agricultura.jpg\" alt=\"Entre ma\u00edz y sorgo, el manejo y la nutrici\u00f3n son las llaves de una campa\u00f1a positiva\">\n                                <\/a><!-- .elementskit-entry-thumb END -->\n                                                            \n                            \n\t\t\t\t\t\t\t\t\t\t\t\t\t<\/div><!-- .elementskit-entry-header END -->\n\n\t\t\t\t\t\t<div class=\"elementskit-post-body \">\n\t\t\t\t\t\t\t\n\t\t\t\t\t\t\t\t\t\t\t\t\t\t\t\t\t\t\t\t\t\t\t\t\t\t\t\t\t\t\n\t\t\t\t\t\t\t\t\n\t\t\t\t\t\t\t\t\t\t\t\t\t\t\t\t\t\t\t\t\t<h2 class=\"entry-title\">\n\t\t\t\t\t<a href=\"https:\/\/megaexpovillamaria.com.ar\/exposicion-villa-maria\/entre-maiz-y-sorgo-el-manejo-y-la-nutricion-son-las-llaves-de-una-campana-positiva\/\">\n\t\t\t\t\t\tEntre ma\u00edz y sorgo, el manejo y la nutrici\u00f3n son las llaves de una campa\u00f1a positiva\t\t\t\t\t<\/a>\n\t\t\t\t<\/h2>\n\t\t\t\t\t\t\t\t\t\t\t\t\t\t\t\t\t\t\t\t\t\t\t\t\t\t\t\t\t\t\t\t\t\t\t\t\t\t\t\t\t\t<p>En MECA25 el sorgo y el ma\u00edz fueron protagonistas de conferencias sobre el futuro del cultivo en la regi\u00f3n central del pa\u00eds, manejo, gen\u00e9tica disponible, tecnolog\u00edas asociadas y potencial productivo.<\/p>\n\t\t\t\t\t\t\t\t\t\t\t\t\t\t\t\t\t\t\t\t\t\t                                                            <div class=\"btn-wraper\">\n                                    \n                                                                            <a class=\"elementskit-btn whitespace--normal\" id=\"\" href=\"https:\/\/megaexpovillamaria.com.ar\/exposicion-villa-maria\/entre-maiz-y-sorgo-el-manejo-y-la-nutricion-son-las-llaves-de-una-campana-positiva\/\">\n                                        \t                                            Ver m\u00e1s                                         <\/a>\n                                                                    <\/div>\n                                                    <\/div><!-- .elementskit-post-body END -->\n                    <\/div>\n                \n            <\/div>\n                    <div class=\"col-lg-4 col-md-6\">\n\n                                    <div class=\"elementskit-post-image-card\">\n                        <div class=\"elementskit-entry-header\">\n                                                            <a href=\"https:\/\/megaexpovillamaria.com.ar\/exposicion-villa-maria\/enrique-bombal-fortalecio-conceptos-sobre-bienestar-animal-motivando-el-trabajo-profesional-en-argentina\/\" class=\"elementskit-entry-thumb\">\n                                    <img decoding=\"async\" src=\"https:\/\/megaexpovillamaria.com.ar\/exposicion-villa-maria\/wp-content\/uploads\/2025\/09\/bombal2.jpg\" alt=\"Enrique Bombal fortaleci\u00f3 conceptos sobre bienestar animal, motivando el trabajo profesional en Argentina\">\n                                <\/a><!-- .elementskit-entry-thumb END -->\n                                                            \n                            \n\t\t\t\t\t\t\t\t\t\t\t\t\t<\/div><!-- .elementskit-entry-header END -->\n\n\t\t\t\t\t\t<div class=\"elementskit-post-body \">\n\t\t\t\t\t\t\t\n\t\t\t\t\t\t\t\t\t\t\t\t\t\t\t\t\t\t\t\t\t\t\t\t\t\t\t\t\t\t\n\t\t\t\t\t\t\t\t\n\t\t\t\t\t\t\t\t\t\t\t\t\t\t\t\t\t\t\t\t\t<h2 class=\"entry-title\">\n\t\t\t\t\t<a href=\"https:\/\/megaexpovillamaria.com.ar\/exposicion-villa-maria\/enrique-bombal-fortalecio-conceptos-sobre-bienestar-animal-motivando-el-trabajo-profesional-en-argentina\/\">\n\t\t\t\t\t\tEnrique Bombal fortaleci\u00f3 conceptos sobre bienestar animal, motivando el trabajo profesional en Argentina\t\t\t\t\t<\/a>\n\t\t\t\t<\/h2>\n\t\t\t\t\t\t\t\t\t\t\t\t\t\t\t\t\t\t\t\t\t\t\t\t\t\t\t\t\t\t\t\t\t\t\t\t\t\t\t\t\t\t<p>El Comit\u00e9 Nacional Argentina de la Federaci\u00f3n Internacional de Lecher\u00eda organiz\u00f3 en la Mega Exposici\u00f3n del Centro Argentino 2025 el primer encuentro de la Comisi\u00f3n T\u00e9cnica de Bienestar Animal.<\/p>\n\t\t\t\t\t\t\t\t\t\t\t\t\t\t\t\t\t\t\t\t\t\t                                                            <div class=\"btn-wraper\">\n                                    \n                                                                            <a class=\"elementskit-btn whitespace--normal\" id=\"\" href=\"https:\/\/megaexpovillamaria.com.ar\/exposicion-villa-maria\/enrique-bombal-fortalecio-conceptos-sobre-bienestar-animal-motivando-el-trabajo-profesional-en-argentina\/\">\n                                        \t                                            Ver m\u00e1s                                         <\/a>\n                                                                    <\/div>\n                                                    <\/div><!-- .elementskit-post-body END -->\n                    <\/div>\n                \n            <\/div>\n                    <div class=\"col-lg-4 col-md-6\">\n\n                                    <div class=\"elementskit-post-image-card\">\n                        <div class=\"elementskit-entry-header\">\n                                                            <a href=\"https:\/\/megaexpovillamaria.com.ar\/exposicion-villa-maria\/el-san-antonio-gano-las-olimpiadas-bioenergeticas-y-de-valor-agregado\/\" class=\"elementskit-entry-thumb\">\n                                    <img decoding=\"async\" src=\"https:\/\/megaexpovillamaria.com.ar\/exposicion-villa-maria\/wp-content\/uploads\/2025\/09\/olimpiadas-san-antonio.jpg\" alt=\"El San Antonio gan\u00f3 las Olimp\u00edadas Bioenerg\u00e9ticas y de Valor Agregado\">\n                                <\/a><!-- .elementskit-entry-thumb END -->\n                                                            \n                            \n\t\t\t\t\t\t\t\t\t\t\t\t\t<\/div><!-- .elementskit-entry-header END -->\n\n\t\t\t\t\t\t<div class=\"elementskit-post-body \">\n\t\t\t\t\t\t\t\n\t\t\t\t\t\t\t\t\t\t\t\t\t\t\t\t\t\t\t\t\t\t\t\t\t\t\t\t\t\t\n\t\t\t\t\t\t\t\t\n\t\t\t\t\t\t\t\t\t\t\t\t\t\t\t\t\t\t\t\t\t<h2 class=\"entry-title\">\n\t\t\t\t\t<a href=\"https:\/\/megaexpovillamaria.com.ar\/exposicion-villa-maria\/el-san-antonio-gano-las-olimpiadas-bioenergeticas-y-de-valor-agregado\/\">\n\t\t\t\t\t\tEl San Antonio gan\u00f3 las Olimp\u00edadas Bioenerg\u00e9ticas y de Valor Agregado\t\t\t\t\t<\/a>\n\t\t\t\t<\/h2>\n\t\t\t\t\t\t\t\t\t\t\t\t\t\t\t\t\t\t\t\t\t\t\t\t\t\t\t\t\t\t\t\t\t\t\t\t\t\t\t\t\t\t<p>30 colegios secundarios de la ciudad y la regi\u00f3n participaron este jueves 4 de septiembre de las Olimp\u00edadas Bioenerg\u00e9ticas y de Valor Agregado \u00a8Mario Bragachini\u00a8 realizadas en el marco de la Mega Expo del Centro Argentino que se realiza en la Sociedad Rural de Villa Mar\u00eda del jueves 4 al domingo 7 de septiembre.<\/p>\n\t\t\t\t\t\t\t\t\t\t\t\t\t\t\t\t\t\t\t\t\t\t                                                            <div class=\"btn-wraper\">\n                                    \n                                                                            <a class=\"elementskit-btn whitespace--normal\" id=\"\" href=\"https:\/\/megaexpovillamaria.com.ar\/exposicion-villa-maria\/el-san-antonio-gano-las-olimpiadas-bioenergeticas-y-de-valor-agregado\/\">\n                                        \t                                            Ver m\u00e1s                                         <\/a>\n                                                                    <\/div>\n                                                    <\/div><!-- .elementskit-post-body END -->\n                    <\/div>\n                \n            <\/div>\n                    <div class=\"col-lg-4 col-md-6\">\n\n                                    <div class=\"elementskit-post-image-card\">\n                        <div class=\"elementskit-entry-header\">\n                                                            <a href=\"https:\/\/megaexpovillamaria.com.ar\/exposicion-villa-maria\/la-alfalfa-celebro-35-anos-desde-su-mayor-capacitacion\/\" class=\"elementskit-entry-thumb\">\n                                    <img decoding=\"async\" src=\"https:\/\/megaexpovillamaria.com.ar\/exposicion-villa-maria\/wp-content\/uploads\/2025\/09\/odorizzi.jpg\" alt=\"La alfalfa celebr\u00f3 35 a\u00f1os desde su mayor capacitaci\u00f3n\">\n                                <\/a><!-- .elementskit-entry-thumb END -->\n                                                            \n                            \n\t\t\t\t\t\t\t\t\t\t\t\t\t<\/div><!-- .elementskit-entry-header END -->\n\n\t\t\t\t\t\t<div class=\"elementskit-post-body \">\n\t\t\t\t\t\t\t\n\t\t\t\t\t\t\t\t\t\t\t\t\t\t\t\t\t\t\t\t\t\t\t\t\t\t\t\t\t\t\n\t\t\t\t\t\t\t\t\n\t\t\t\t\t\t\t\t\t\t\t\t\t\t\t\t\t\t\t\t\t<h2 class=\"entry-title\">\n\t\t\t\t\t<a href=\"https:\/\/megaexpovillamaria.com.ar\/exposicion-villa-maria\/la-alfalfa-celebro-35-anos-desde-su-mayor-capacitacion\/\">\n\t\t\t\t\t\tLa alfalfa celebr\u00f3 35 a\u00f1os desde su mayor capacitaci\u00f3n\t\t\t\t\t<\/a>\n\t\t\t\t<\/h2>\n\t\t\t\t\t\t\t\t\t\t\t\t\t\t\t\t\t\t\t\t\t\t\t\t\t\t\t\t\t\t\t\t\t\t\t\t\t\t\t\t\t\t<p>En la primera jornada de la Mega Exposici\u00f3n del Centro Argentino 2025, la alfalfa fue gran protagonista. Un repaso por la historia del cultivo en la regi\u00f3n centro de C\u00f3rdoba y porqu\u00e9 es necesario pensarla como un cultivo agr\u00edcola.<\/p>\n\t\t\t\t\t\t\t\t\t\t\t\t\t\t\t\t\t\t\t\t\t\t                                                            <div class=\"btn-wraper\">\n                                    \n                                                                            <a class=\"elementskit-btn whitespace--normal\" id=\"\" href=\"https:\/\/megaexpovillamaria.com.ar\/exposicion-villa-maria\/la-alfalfa-celebro-35-anos-desde-su-mayor-capacitacion\/\">\n                                        \t                                            Ver m\u00e1s                                         <\/a>\n                                                                    <\/div>\n                                                    <\/div><!-- .elementskit-post-body END -->\n                    <\/div>\n                \n            <\/div>\n                    <div class=\"col-lg-4 col-md-6\">\n\n                                    <div class=\"elementskit-post-image-card\">\n                        <div class=\"elementskit-entry-header\">\n                                                            <a href=\"https:\/\/megaexpovillamaria.com.ar\/exposicion-villa-maria\/en-la-lecheria-del-futuro-la-genomica-obliga-a-repensar-los-esquemas-de-nutricion-se-impone-el-compost-y-la-gestion-inteligente-de-datos\/\" class=\"elementskit-entry-thumb\">\n                                    <img decoding=\"async\" src=\"https:\/\/megaexpovillamaria.com.ar\/exposicion-villa-maria\/wp-content\/uploads\/2025\/08\/compost-3.jpg\" alt=\"En la lecher\u00eda del futuro la gen\u00f3mica obliga a repensar los esquemas de nutrici\u00f3n, se impone el compost y la gesti\u00f3n inteligente de datos\">\n                                <\/a><!-- .elementskit-entry-thumb END -->\n                                                            \n                            \n\t\t\t\t\t\t\t\t\t\t\t\t\t<\/div><!-- .elementskit-entry-header END -->\n\n\t\t\t\t\t\t<div class=\"elementskit-post-body \">\n\t\t\t\t\t\t\t\n\t\t\t\t\t\t\t\t\t\t\t\t\t\t\t\t\t\t\t\t\t\t\t\t\t\t\t\t\t\t\n\t\t\t\t\t\t\t\t\n\t\t\t\t\t\t\t\t\t\t\t\t\t\t\t\t\t\t\t\t\t<h2 class=\"entry-title\">\n\t\t\t\t\t<a href=\"https:\/\/megaexpovillamaria.com.ar\/exposicion-villa-maria\/en-la-lecheria-del-futuro-la-genomica-obliga-a-repensar-los-esquemas-de-nutricion-se-impone-el-compost-y-la-gestion-inteligente-de-datos\/\">\n\t\t\t\t\t\tEn la lecher\u00eda del futuro la gen\u00f3mica obliga a repensar los esquemas de nutrici\u00f3n, se impone el compost y la gesti\u00f3n inteligente de datos\t\t\t\t\t<\/a>\n\t\t\t\t<\/h2>\n\t\t\t\t\t\t\t\t\t\t\t\t\t\t\t\t\t\t\t\t\t\t\t\t\t\t\t\t\t\t\t\t\t\t\t\t\t\t\t\t\t\t<p>La competitividad de los tambos depender\u00e1 de su capacidad para alinear la nutrici\u00f3n con los avances gen\u00f3micos, reconvertirse hacia sistemas de producci\u00f3n que mejoren la eficiencia dentro de la empresa tambera y aprovechar el caudal de datos individuales que aporta la tecnolog\u00eda para tomar decisiones m\u00e1s precisas.<\/p>\n\t\t\t\t\t\t\t\t\t\t\t\t\t\t\t\t\t\t\t\t\t\t                                                            <div class=\"btn-wraper\">\n                                    \n                                                                            <a class=\"elementskit-btn whitespace--normal\" id=\"\" href=\"https:\/\/megaexpovillamaria.com.ar\/exposicion-villa-maria\/en-la-lecheria-del-futuro-la-genomica-obliga-a-repensar-los-esquemas-de-nutricion-se-impone-el-compost-y-la-gestion-inteligente-de-datos\/\">\n                                        \t                                            Ver m\u00e1s                                         <\/a>\n                                                                    <\/div>\n                                                    <\/div><!-- .elementskit-post-body END -->\n                    <\/div>\n                \n            <\/div>\n                    <div class=\"col-lg-4 col-md-6\">\n\n                                    <div class=\"elementskit-post-image-card\">\n                        <div class=\"elementskit-entry-header\">\n                                                            <a href=\"https:\/\/megaexpovillamaria.com.ar\/exposicion-villa-maria\/el-presente-y-los-desafios-en-el-sector-porcino-se-analizan-en-meca25\/\" class=\"elementskit-entry-thumb\">\n                                    <img decoding=\"async\" src=\"https:\/\/megaexpovillamaria.com.ar\/exposicion-villa-maria\/wp-content\/uploads\/2025\/08\/jorge-brunori-25-b.jpg\" alt=\"El presente y los desaf\u00edos en el sector porcino se analizan en MECA25\">\n                                <\/a><!-- .elementskit-entry-thumb END -->\n                                                            \n                            \n\t\t\t\t\t\t\t\t\t\t\t\t\t<\/div><!-- .elementskit-entry-header END -->\n\n\t\t\t\t\t\t<div class=\"elementskit-post-body \">\n\t\t\t\t\t\t\t\n\t\t\t\t\t\t\t\t\t\t\t\t\t\t\t\t\t\t\t\t\t\t\t\t\t\t\t\t\t\t\n\t\t\t\t\t\t\t\t\n\t\t\t\t\t\t\t\t\t\t\t\t\t\t\t\t\t\t\t\t\t<h2 class=\"entry-title\">\n\t\t\t\t\t<a href=\"https:\/\/megaexpovillamaria.com.ar\/exposicion-villa-maria\/el-presente-y-los-desafios-en-el-sector-porcino-se-analizan-en-meca25\/\">\n\t\t\t\t\t\tEl presente y los desaf\u00edos en el sector porcino se analizan en MECA25\t\t\t\t\t<\/a>\n\t\t\t\t<\/h2>\n\t\t\t\t\t\t\t\t\t\t\t\t\t\t\t\t\t\t\t\t\t\t\t\t\t\t\t\t\t\t\t\t\t\t\t\t\t\t\t\t\t\t<p>El sector porcino argentino viene creciendo a un promedio del 10% anual en la \u00faltima d\u00e9cada y un 12% en producci\u00f3n de carne, pero hoy este panorama se ve amenazado por el ingreso de carne importada. El especialista Jorge Brunori analizar\u00e1 el presente y futuro de la actividad bajo este nuevo escenario, en el marco de la MECA25.<\/p>\n\t\t\t\t\t\t\t\t\t\t\t\t\t\t\t\t\t\t\t\t\t\t                                                            <div class=\"btn-wraper\">\n                                    \n                                                                            <a class=\"elementskit-btn whitespace--normal\" id=\"\" href=\"https:\/\/megaexpovillamaria.com.ar\/exposicion-villa-maria\/el-presente-y-los-desafios-en-el-sector-porcino-se-analizan-en-meca25\/\">\n                                        \t                                            Ver m\u00e1s                                         <\/a>\n                                                                    <\/div>\n                                                    <\/div><!-- .elementskit-post-body END -->\n                    <\/div>\n                \n            <\/div>\n                    <div class=\"col-lg-4 col-md-6\">\n\n                                    <div class=\"elementskit-post-image-card\">\n                        <div class=\"elementskit-entry-header\">\n                                                            <a href=\"https:\/\/megaexpovillamaria.com.ar\/exposicion-villa-maria\/lecheria-argentina-presenta-sus-avances-en-la-fil-y-recibe-a-enrique-bombal-para-una-conferencia-sobre-bienestar-animal\/\" class=\"elementskit-entry-thumb\">\n                                    <img decoding=\"async\" src=\"https:\/\/megaexpovillamaria.com.ar\/exposicion-villa-maria\/wp-content\/uploads\/2025\/08\/enrique-bombal.jpg\" alt=\"Lecher\u00eda: Argentina presenta sus avances en la FIL y recibe a Enrique Bombal para una conferencia sobre bienestar animal\">\n                                <\/a><!-- .elementskit-entry-thumb END -->\n                                                            \n                            \n\t\t\t\t\t\t\t\t\t\t\t\t\t<\/div><!-- .elementskit-entry-header END -->\n\n\t\t\t\t\t\t<div class=\"elementskit-post-body \">\n\t\t\t\t\t\t\t\n\t\t\t\t\t\t\t\t\t\t\t\t\t\t\t\t\t\t\t\t\t\t\t\t\t\t\t\t\t\t\n\t\t\t\t\t\t\t\t\n\t\t\t\t\t\t\t\t\t\t\t\t\t\t\t\t\t\t\t\t\t<h2 class=\"entry-title\">\n\t\t\t\t\t<a href=\"https:\/\/megaexpovillamaria.com.ar\/exposicion-villa-maria\/lecheria-argentina-presenta-sus-avances-en-la-fil-y-recibe-a-enrique-bombal-para-una-conferencia-sobre-bienestar-animal\/\">\n\t\t\t\t\t\tLecher\u00eda: Argentina presenta sus avances en la FIL y recibe a Enrique Bombal para una conferencia sobre bienestar animal\t\t\t\t\t<\/a>\n\t\t\t\t<\/h2>\n\t\t\t\t\t\t\t\t\t\t\t\t\t\t\t\t\t\t\t\t\t\t\t\t\t\t\t\t\t\t\t\t\t\t\t\t\t\t\t\t\t\t<p>En el marco de la Mega Exposici\u00f3n del Centro Argentino (MECA25) que se celebrar\u00e1 en Villa Mar\u00eda (Cba.), el Comit\u00e9 Nacional Argentino de la Federaci\u00f3n Internacional de Lecher\u00eda (FIL) presentar\u00e1 los progresos logrados desde el reingreso al organismo. Del encuentro, participar\u00e1 tambi\u00e9n el chileno Enrique Bombal brindando una conferencia sobre bienestar animal. <\/p>\n\t\t\t\t\t\t\t\t\t\t\t\t\t\t\t\t\t\t\t\t\t\t                                                            <div class=\"btn-wraper\">\n                                    \n                                                                            <a class=\"elementskit-btn whitespace--normal\" id=\"\" href=\"https:\/\/megaexpovillamaria.com.ar\/exposicion-villa-maria\/lecheria-argentina-presenta-sus-avances-en-la-fil-y-recibe-a-enrique-bombal-para-una-conferencia-sobre-bienestar-animal\/\">\n                                        \t                                            Ver m\u00e1s                                         <\/a>\n                                                                    <\/div>\n                                                    <\/div><!-- .elementskit-post-body END -->\n                    <\/div>\n                \n            <\/div>\n                    <div class=\"col-lg-4 col-md-6\">\n\n                                    <div class=\"elementskit-post-image-card\">\n                        <div class=\"elementskit-entry-header\">\n                                                            <a href=\"https:\/\/megaexpovillamaria.com.ar\/exposicion-villa-maria\/habra-una-demostracion-inedita-de-drones-agricolas-en-argentina\/\" class=\"elementskit-entry-thumb\">\n                                    <img decoding=\"async\" src=\"https:\/\/megaexpovillamaria.com.ar\/exposicion-villa-maria\/wp-content\/uploads\/2025\/08\/dron1.jpg\" alt=\"Habr\u00e1 una demostraci\u00f3n in\u00e9dita de drones agr\u00edcolas en Argentina\">\n                                <\/a><!-- .elementskit-entry-thumb END -->\n                                                            \n                            \n\t\t\t\t\t\t\t\t\t\t\t\t\t<\/div><!-- .elementskit-entry-header END -->\n\n\t\t\t\t\t\t<div class=\"elementskit-post-body \">\n\t\t\t\t\t\t\t\n\t\t\t\t\t\t\t\t\t\t\t\t\t\t\t\t\t\t\t\t\t\t\t\t\t\t\t\t\t\t\n\t\t\t\t\t\t\t\t\n\t\t\t\t\t\t\t\t\t\t\t\t\t\t\t\t\t\t\t\t\t<h2 class=\"entry-title\">\n\t\t\t\t\t<a href=\"https:\/\/megaexpovillamaria.com.ar\/exposicion-villa-maria\/habra-una-demostracion-inedita-de-drones-agricolas-en-argentina\/\">\n\t\t\t\t\t\tHabr\u00e1 una demostraci\u00f3n in\u00e9dita de drones agr\u00edcolas en Argentina\t\t\t\t\t<\/a>\n\t\t\t\t<\/h2>\n\t\t\t\t\t\t\t\t\t\t\t\t\t\t\t\t\t\t\t\t\t\t\t\t\t\t\t\t\t\t\t\t\t\t\t\t\t\t\t\t\t\t<p>Esta tecnolog\u00eda de aplicaci\u00f3n lleg\u00f3 al campo para quedarse y contin\u00faa en expansi\u00f3n. Sus cualidades y las opciones que van llegando al mercado argentino con mayor autonom\u00eda, capacidades y complementos le permiten ganar versatilidad y adeptos. En MECA25, una din\u00e1mica a campo mostrar\u00e1 las principales marcas disponibles en Argentina para que el productor pueda hacer sus comparativas.<\/p>\n\t\t\t\t\t\t\t\t\t\t\t\t\t\t\t\t\t\t\t\t\t\t                                                            <div class=\"btn-wraper\">\n                                    \n                                                                            <a class=\"elementskit-btn whitespace--normal\" id=\"\" href=\"https:\/\/megaexpovillamaria.com.ar\/exposicion-villa-maria\/habra-una-demostracion-inedita-de-drones-agricolas-en-argentina\/\">\n                                        \t                                            Ver m\u00e1s                                         <\/a>\n                                                                    <\/div>\n                                                    <\/div><!-- .elementskit-post-body END -->\n                    <\/div>\n                \n            <\/div>\n                    <div class=\"col-lg-4 col-md-6\">\n\n                                    <div class=\"elementskit-post-image-card\">\n                        <div class=\"elementskit-entry-header\">\n                                                            <a href=\"https:\/\/megaexpovillamaria.com.ar\/exposicion-villa-maria\/una-amazona-argentina-prestigia-la-meca25\/\" class=\"elementskit-entry-thumb\">\n                                    <img decoding=\"async\" src=\"https:\/\/megaexpovillamaria.com.ar\/exposicion-villa-maria\/wp-content\/uploads\/2025\/08\/Mujer-amazona.jpg\" alt=\"Una amazona argentina prestigia la MECA25\">\n                                <\/a><!-- .elementskit-entry-thumb END -->\n                                                            \n                            \n\t\t\t\t\t\t\t\t\t\t\t\t\t<\/div><!-- .elementskit-entry-header END -->\n\n\t\t\t\t\t\t<div class=\"elementskit-post-body \">\n\t\t\t\t\t\t\t\n\t\t\t\t\t\t\t\t\t\t\t\t\t\t\t\t\t\t\t\t\t\t\t\t\t\t\t\t\t\t\n\t\t\t\t\t\t\t\t\n\t\t\t\t\t\t\t\t\t\t\t\t\t\t\t\t\t\t\t\t\t<h2 class=\"entry-title\">\n\t\t\t\t\t<a href=\"https:\/\/megaexpovillamaria.com.ar\/exposicion-villa-maria\/una-amazona-argentina-prestigia-la-meca25\/\">\n\t\t\t\t\t\tUna amazona argentina prestigia la MECA25\t\t\t\t\t<\/a>\n\t\t\t\t<\/h2>\n\t\t\t\t\t\t\t\t\t\t\t\t\t\t\t\t\t\t\t\t\t\t\t\t\t\t\t\t\t\t\t\t\t\t\t\t\t\t\t\t\t\t<p>El Espacio Equinos de la Mega Exposici\u00f3n del Centro Argentino, contar\u00e1 con la presencia de Maricruz Dibella, reconocida profesora de folklore y tradicionalista.<\/p>\n\t\t\t\t\t\t\t\t\t\t\t\t\t\t\t\t\t\t\t\t\t\t                                                            <div class=\"btn-wraper\">\n                                    \n                                                                            <a class=\"elementskit-btn whitespace--normal\" id=\"\" href=\"https:\/\/megaexpovillamaria.com.ar\/exposicion-villa-maria\/una-amazona-argentina-prestigia-la-meca25\/\">\n                                        \t                                            Ver m\u00e1s                                         <\/a>\n                                                                    <\/div>\n                                                    <\/div><!-- .elementskit-post-body END -->\n                    <\/div>\n                \n            <\/div>\n                    <div class=\"col-lg-4 col-md-6\">\n\n                                    <div class=\"elementskit-post-image-card\">\n                        <div class=\"elementskit-entry-header\">\n                                                            <a href=\"https:\/\/megaexpovillamaria.com.ar\/exposicion-villa-maria\/la-ganaderia-se-revaloriza-y-vuelve-a-ganar-terreno-en-el-centro-de-cordoba\/\" class=\"elementskit-entry-thumb\">\n                                    <img decoding=\"async\" src=\"https:\/\/megaexpovillamaria.com.ar\/exposicion-villa-maria\/wp-content\/uploads\/2025\/08\/ganado-angus-colorado-2.jpg\" alt=\"La ganader\u00eda se revaloriza y vuelve a ganar terreno en el centro de C\u00f3rdoba\">\n                                <\/a><!-- .elementskit-entry-thumb END -->\n                                                            \n                            \n\t\t\t\t\t\t\t\t\t\t\t\t\t<\/div><!-- .elementskit-entry-header END -->\n\n\t\t\t\t\t\t<div class=\"elementskit-post-body \">\n\t\t\t\t\t\t\t\n\t\t\t\t\t\t\t\t\t\t\t\t\t\t\t\t\t\t\t\t\t\t\t\t\t\t\t\t\t\t\n\t\t\t\t\t\t\t\t\n\t\t\t\t\t\t\t\t\t\t\t\t\t\t\t\t\t\t\t\t\t<h2 class=\"entry-title\">\n\t\t\t\t\t<a href=\"https:\/\/megaexpovillamaria.com.ar\/exposicion-villa-maria\/la-ganaderia-se-revaloriza-y-vuelve-a-ganar-terreno-en-el-centro-de-cordoba\/\">\n\t\t\t\t\t\tLa ganader\u00eda se revaloriza y vuelve a ganar terreno en el centro de C\u00f3rdoba\t\t\t\t\t<\/a>\n\t\t\t\t<\/h2>\n\t\t\t\t\t\t\t\t\t\t\t\t\t\t\t\t\t\t\t\t\t\t\t\t\t\t\t\t\t\t\t\t\t\t\t\t\t\t\t\t\t\t<p>M\u00e1s all\u00e1 de ser una cuenca lechera por excelencia, el centro de la provincia tiene ra\u00edces en la ganader\u00eda de carne, actividad que vuelve a ser un buen negocio ante los n\u00fameros ajustados de los alquileres agr\u00edcolas. Revalorizar su producci\u00f3n ser\u00e1 el foco de expertos en la jornada ganadera MECA25, que incluir\u00e1 adem\u00e1s la experiencia de un grupo de productores que apuestan fuerte a la actividad.<\/p>\n\t\t\t\t\t\t\t\t\t\t\t\t\t\t\t\t\t\t\t\t\t\t                                                            <div class=\"btn-wraper\">\n                                    \n                                                                            <a class=\"elementskit-btn whitespace--normal\" id=\"\" href=\"https:\/\/megaexpovillamaria.com.ar\/exposicion-villa-maria\/la-ganaderia-se-revaloriza-y-vuelve-a-ganar-terreno-en-el-centro-de-cordoba\/\">\n                                        \t                                            Ver m\u00e1s                                         <\/a>\n                                                                    <\/div>\n                                                    <\/div><!-- .elementskit-post-body END -->\n                    <\/div>\n                \n            <\/div>\n                    <div class=\"col-lg-4 col-md-6\">\n\n                                    <div class=\"elementskit-post-image-card\">\n                        <div class=\"elementskit-entry-header\">\n                                                            <a href=\"https:\/\/megaexpovillamaria.com.ar\/exposicion-villa-maria\/quesos-genetica-holando-y-capacitacion-la-lecheria-se-luce-en-meca-2025\/\" class=\"elementskit-entry-thumb\">\n                                    <img decoding=\"async\" src=\"https:\/\/megaexpovillamaria.com.ar\/exposicion-villa-maria\/wp-content\/uploads\/2025\/08\/fiesta-holando-vm.jpg\" alt=\"Quesos, gen\u00e9tica Holando y capacitaci\u00f3n: la lecher\u00eda se luce en MECA 2025\">\n                                <\/a><!-- .elementskit-entry-thumb END -->\n                                                            \n                            \n\t\t\t\t\t\t\t\t\t\t\t\t\t<\/div><!-- .elementskit-entry-header END -->\n\n\t\t\t\t\t\t<div class=\"elementskit-post-body \">\n\t\t\t\t\t\t\t\n\t\t\t\t\t\t\t\t\t\t\t\t\t\t\t\t\t\t\t\t\t\t\t\t\t\t\t\t\t\t\n\t\t\t\t\t\t\t\t\n\t\t\t\t\t\t\t\t\t\t\t\t\t\t\t\t\t\t\t\t\t<h2 class=\"entry-title\">\n\t\t\t\t\t<a href=\"https:\/\/megaexpovillamaria.com.ar\/exposicion-villa-maria\/quesos-genetica-holando-y-capacitacion-la-lecheria-se-luce-en-meca-2025\/\">\n\t\t\t\t\t\tQuesos, gen\u00e9tica Holando y capacitaci\u00f3n: la lecher\u00eda se luce en MECA 2025\t\t\t\t\t<\/a>\n\t\t\t\t<\/h2>\n\t\t\t\t\t\t\t\t\t\t\t\t\t\t\t\t\t\t\t\t\t\t\t\t\t\t\t\t\t\t\t\t\t\t\t\t\t\t\t\t\t\t<p>Del 4 al 7 de septiembre, la Mega Exposici\u00f3n del Centro Argentino en la Sociedad Rural de Villa Mar\u00eda ofrecer\u00e1 un espacio destacado para la cadena l\u00e1ctea. Fiesta Nacional del Holando, Concurso de Maestros Queseros, feria gastron\u00f3mica y jornadas t\u00e9cnicas formar\u00e1n parte de una agenda que conecta a la producci\u00f3n, la innovaci\u00f3n y los sabores.<\/p>\n\t\t\t\t\t\t\t\t\t\t\t\t\t\t\t\t\t\t\t\t\t\t                                                            <div class=\"btn-wraper\">\n                                    \n                                                                            <a class=\"elementskit-btn whitespace--normal\" id=\"\" href=\"https:\/\/megaexpovillamaria.com.ar\/exposicion-villa-maria\/quesos-genetica-holando-y-capacitacion-la-lecheria-se-luce-en-meca-2025\/\">\n                                        \t                                            Ver m\u00e1s                                         <\/a>\n                                                                    <\/div>\n                                                    <\/div><!-- .elementskit-post-body END -->\n                    <\/div>\n                \n            <\/div>\n                    <div class=\"col-lg-4 col-md-6\">\n\n                                    <div class=\"elementskit-post-image-card\">\n                        <div class=\"elementskit-entry-header\">\n                                                            <a href=\"https:\/\/megaexpovillamaria.com.ar\/exposicion-villa-maria\/meca25-hay-un-80-de-los-stands-vendidos-definidas-las-actividades-y-capacitaciones\/\" class=\"elementskit-entry-thumb\">\n                                    <img decoding=\"async\" src=\"https:\/\/megaexpovillamaria.com.ar\/exposicion-villa-maria\/wp-content\/uploads\/2025\/08\/stands-expo-3.jpg\" alt=\"MECA25: \u201cHay un 80% de los stands vendidos, definidas las actividades y capacitaciones\u201d\">\n                                <\/a><!-- .elementskit-entry-thumb END -->\n                                                            \n                            \n\t\t\t\t\t\t\t\t\t\t\t\t\t<\/div><!-- .elementskit-entry-header END -->\n\n\t\t\t\t\t\t<div class=\"elementskit-post-body \">\n\t\t\t\t\t\t\t\n\t\t\t\t\t\t\t\t\t\t\t\t\t\t\t\t\t\t\t\t\t\t\t\t\t\t\t\t\t\t\n\t\t\t\t\t\t\t\t\n\t\t\t\t\t\t\t\t\t\t\t\t\t\t\t\t\t\t\t\t\t<h2 class=\"entry-title\">\n\t\t\t\t\t<a href=\"https:\/\/megaexpovillamaria.com.ar\/exposicion-villa-maria\/meca25-hay-un-80-de-los-stands-vendidos-definidas-las-actividades-y-capacitaciones\/\">\n\t\t\t\t\t\tMECA25: \u201cHay un 80% de los stands vendidos, definidas las actividades y capacitaciones\u201d\t\t\t\t\t<\/a>\n\t\t\t\t<\/h2>\n\t\t\t\t\t\t\t\t\t\t\t\t\t\t\t\t\t\t\t\t\t\t\t\t\t\t\t\t\t\t\t\t\t\t\t\t\t\t\t\t\t\t<p>A un mes de su puesta en escena, la MECA25 ha comercializado el 80% de los 300 espacios comerciales que le dar\u00e1n brillo a la muestra del 4 al 7 de septiembre en la Sociedad Rural de Villa Mar\u00eda. En una reciente conferencia de prensa de la organizaci\u00f3n, su coordinador general, Jos\u00e9 Iachetta, brind\u00f3 avances de las actividades y programas de capacitaciones.<\/p>\n\t\t\t\t\t\t\t\t\t\t\t\t\t\t\t\t\t\t\t\t\t\t                                                            <div class=\"btn-wraper\">\n                                    \n                                                                            <a class=\"elementskit-btn whitespace--normal\" id=\"\" href=\"https:\/\/megaexpovillamaria.com.ar\/exposicion-villa-maria\/meca25-hay-un-80-de-los-stands-vendidos-definidas-las-actividades-y-capacitaciones\/\">\n                                        \t                                            Ver m\u00e1s                                         <\/a>\n                                                                    <\/div>\n                                                    <\/div><!-- .elementskit-post-body END -->\n                    <\/div>\n                \n            <\/div>\n                    <div class=\"col-lg-4 col-md-6\">\n\n                                    <div class=\"elementskit-post-image-card\">\n                        <div class=\"elementskit-entry-header\">\n                                                            <a href=\"https:\/\/megaexpovillamaria.com.ar\/exposicion-villa-maria\/manejo-de-suelos-y-fertilizacion-claves-para-poner-a-la-alfalfa-en-accion\/\" class=\"elementskit-entry-thumb\">\n                                    <img decoding=\"async\" src=\"https:\/\/megaexpovillamaria.com.ar\/exposicion-villa-maria\/wp-content\/uploads\/2025\/07\/alfalfa-primer-plano-25.jpg\" alt=\"Manejo de suelos y fertilizaci\u00f3n, claves para poner a la alfalfa en acci\u00f3n\">\n                                <\/a><!-- .elementskit-entry-thumb END -->\n                                                            \n                            \n\t\t\t\t\t\t\t\t\t\t\t\t\t<\/div><!-- .elementskit-entry-header END -->\n\n\t\t\t\t\t\t<div class=\"elementskit-post-body \">\n\t\t\t\t\t\t\t\n\t\t\t\t\t\t\t\t\t\t\t\t\t\t\t\t\t\t\t\t\t\t\t\t\t\t\t\t\t\t\n\t\t\t\t\t\t\t\t\n\t\t\t\t\t\t\t\t\t\t\t\t\t\t\t\t\t\t\t\t\t<h2 class=\"entry-title\">\n\t\t\t\t\t<a href=\"https:\/\/megaexpovillamaria.com.ar\/exposicion-villa-maria\/manejo-de-suelos-y-fertilizacion-claves-para-poner-a-la-alfalfa-en-accion\/\">\n\t\t\t\t\t\tManejo de suelos y fertilizaci\u00f3n, claves para poner a la alfalfa en acci\u00f3n\t\t\t\t\t<\/a>\n\t\t\t\t<\/h2>\n\t\t\t\t\t\t\t\t\t\t\t\t\t\t\t\t\t\t\t\t\t\t\t\t\t\t\t\t\t\t\t\t\t\t\t\t\t\t\t\t\t\t<p>La alfalfa requiere hoy de un manejo similar al de cultivos agr\u00edcolas para expresar su potencial. En el marco de la MECA25, que se desarrollar\u00e1 en septiembre en la Sociedad Rural de Villa Mar\u00eda, expertos en el cultivo brindar\u00e1n detalles sobre c\u00f3mo perfeccionarlo.<\/p>\n\t\t\t\t\t\t\t\t\t\t\t\t\t\t\t\t\t\t\t\t\t\t                                                            <div class=\"btn-wraper\">\n                                    \n                                                                            <a class=\"elementskit-btn whitespace--normal\" id=\"\" href=\"https:\/\/megaexpovillamaria.com.ar\/exposicion-villa-maria\/manejo-de-suelos-y-fertilizacion-claves-para-poner-a-la-alfalfa-en-accion\/\">\n                                        \t                                            Ver m\u00e1s                                         <\/a>\n                                                                    <\/div>\n                                                    <\/div><!-- .elementskit-post-body END -->\n                    <\/div>\n                \n            <\/div>\n                <\/div>\n       <\/div>\t\t\t\t<\/div>\n\t\t\t\t<\/div>\n\t\t\t\t\t<\/div>\n\t\t\t\t<\/div>\n\t\t\t\t<\/div>\n\t\t","protected":false},"excerpt":{"rendered":"<p>Prensa La MECA25 super\u00f3 los 26.700 asistentes y marc\u00f3 un r\u00e9cord Con m\u00e1s de 300 stands, exhibiciones tecnol\u00f3gicas, competencias ganaderas, [&hellip;]<\/p>\n","protected":false},"author":3,"featured_media":0,"parent":0,"menu_order":0,"comment_status":"closed","ping_status":"closed","template":"elementor_header_footer","meta":{"site-sidebar-layout":"no-sidebar","site-content-layout":"","ast-site-content-layout":"full-width-container","site-content-style":"default","site-sidebar-style":"default","ast-global-header-display":"","ast-banner-title-visibility":"","ast-main-header-display":"","ast-hfb-above-header-display":"","ast-hfb-below-header-display":"","ast-hfb-mobile-header-display":"","site-post-title":"disabled","ast-breadcrumbs-content":"","ast-featured-img":"disabled","footer-sml-layout":"","theme-transparent-header-meta":"","adv-header-id-meta":"","stick-header-meta":"","header-above-stick-meta":"","header-main-stick-meta":"","header-below-stick-meta":"","astra-migrate-meta-layouts":"default","ast-page-background-enabled":"default","ast-page-background-meta":{"desktop":{"background-color":"var(--ast-global-color-5)","background-image":"","background-repeat":"repeat","background-position":"center center","background-size":"auto","background-attachment":"scroll","background-type":"","background-media":"","overlay-type":"","overlay-color":"","overlay-opacity":"","overlay-gradient":""},"tablet":{"background-color":"","background-image":"","background-repeat":"repeat","background-position":"center center","background-size":"auto","background-attachment":"scroll","background-type":"","background-media":"","overlay-type":"","overlay-color":"","overlay-opacity":"","overlay-gradient":""},"mobile":{"background-color":"","background-image":"","background-repeat":"repeat","background-position":"center center","background-size":"auto","background-attachment":"scroll","background-type":"","background-media":"","overlay-type":"","overlay-color":"","overlay-opacity":"","overlay-gradient":""}},"ast-content-background-meta":{"desktop":{"background-color":"var(--ast-global-color-4)","background-image":"","background-repeat":"repeat","background-position":"center center","background-size":"auto","background-attachment":"scroll","background-type":"","background-media":"","overlay-type":"","overlay-color":"","overlay-opacity":"","overlay-gradient":""},"tablet":{"background-color":"var(--ast-global-color-4)","background-image":"","background-repeat":"repeat","background-position":"center center","background-size":"auto","background-attachment":"scroll","background-type":"","background-media":"","overlay-type":"","overlay-color":"","overlay-opacity":"","overlay-gradient":""},"mobile":{"background-color":"var(--ast-global-color-4)","background-image":"","background-repeat":"repeat","background-position":"center center","background-size":"auto","background-attachment":"scroll","background-type":"","background-media":"","overlay-type":"","overlay-color":"","overlay-opacity":"","overlay-gradient":""}},"footnotes":""},"class_list":["post-201","page","type-page","status-publish","hentry"],"_links":{"self":[{"href":"https:\/\/megaexpovillamaria.com.ar\/exposicion-villa-maria\/wp-json\/wp\/v2\/pages\/201","targetHints":{"allow":["GET"]}}],"collection":[{"href":"https:\/\/megaexpovillamaria.com.ar\/exposicion-villa-maria\/wp-json\/wp\/v2\/pages"}],"about":[{"href":"https:\/\/megaexpovillamaria.com.ar\/exposicion-villa-maria\/wp-json\/wp\/v2\/types\/page"}],"author":[{"embeddable":true,"href":"https:\/\/megaexpovillamaria.com.ar\/exposicion-villa-maria\/wp-json\/wp\/v2\/users\/3"}],"replies":[{"embeddable":true,"href":"https:\/\/megaexpovillamaria.com.ar\/exposicion-villa-maria\/wp-json\/wp\/v2\/comments?post=201"}],"version-history":[{"count":28,"href":"https:\/\/megaexpovillamaria.com.ar\/exposicion-villa-maria\/wp-json\/wp\/v2\/pages\/201\/revisions"}],"predecessor-version":[{"id":893,"href":"https:\/\/megaexpovillamaria.com.ar\/exposicion-villa-maria\/wp-json\/wp\/v2\/pages\/201\/revisions\/893"}],"wp:attachment":[{"href":"https:\/\/megaexpovillamaria.com.ar\/exposicion-villa-maria\/wp-json\/wp\/v2\/media?parent=201"}],"curies":[{"name":"wp","href":"https:\/\/api.w.org\/{rel}","templated":true}]}}