{"id":1501,"date":"2026-08-29T13:51:55","date_gmt":"2026-08-29T13:51:55","guid":{"rendered":"https:\/\/megaexpovillamaria.com.ar\/exposicion-villa-maria\/?page_id=1501"},"modified":"2026-08-29T14:21:05","modified_gmt":"2026-08-29T14:21:05","slug":"jornada-ganadera-2","status":"publish","type":"page","link":"https:\/\/megaexpovillamaria.com.ar\/exposicion-villa-maria\/jornada-ganadera-2\/","title":{"rendered":"Jornada Ganadera"},"content":{"rendered":"\t\t<div data-elementor-type=\"wp-page\" data-elementor-id=\"1501\" class=\"elementor elementor-1501\">\n\t\t\t\t<div class=\"elementor-element elementor-element-19b23aec e-flex e-con-boxed wpr-particle-no wpr-jarallax-no wpr-parallax-no wpr-sticky-section-no wpr-column-slider-no wpr-equal-height-no e-con e-parent\" data-id=\"19b23aec\" data-element_type=\"container\" data-e-type=\"container\" data-settings=\"{&quot;background_background&quot;:&quot;classic&quot;}\">\n\t\t\t\t\t<div class=\"e-con-inner\">\n\t\t\t\t<div class=\"elementor-element elementor-element-72320a4b elementor-widget__width-initial elementor-widget elementor-widget-elementskit-heading\" data-id=\"72320a4b\" data-element_type=\"widget\" data-e-type=\"widget\" data-widget_type=\"elementskit-heading.default\">\n\t\t\t\t<div class=\"elementor-widget-container\">\n\t\t\t\t\t<div class=\"ekit-wid-con\" ><div class=\"ekit-heading elementskit-section-title-wraper center   ekit_heading_tablet-   ekit_heading_mobile-\"><h2 class=\"ekit-heading--title elementskit-section-title \">Produciendo para la ganader\u00eda que el mercado pide <\/h2><\/div><\/div>\t\t\t\t<\/div>\n\t\t\t\t<\/div>\n\t\t\t\t<div class=\"elementor-element elementor-element-405ad89a elementor-widget elementor-widget-heading\" data-id=\"405ad89a\" data-element_type=\"widget\" data-e-type=\"widget\" data-widget_type=\"heading.default\">\n\t\t\t\t<div class=\"elementor-widget-container\">\n\t\t\t\t\t<h2 class=\"elementor-heading-title elementor-size-default\">AUDITORIO SRVM | 18:00hs<\/h2>\t\t\t\t<\/div>\n\t\t\t\t<\/div>\n\t\t\t\t\t<\/div>\n\t\t\t\t<\/div>\n\t\t<div class=\"elementor-element elementor-element-bb3c568 e-flex e-con-boxed wpr-particle-no wpr-jarallax-no wpr-parallax-no wpr-sticky-section-no wpr-column-slider-no wpr-equal-height-no e-con e-parent\" data-id=\"bb3c568\" data-element_type=\"container\" data-e-type=\"container\">\n\t\t\t\t\t<div class=\"e-con-inner\">\n\t\t\t\t<div class=\"elementor-element elementor-element-3939d96 elementor-widget elementor-widget-spacer\" data-id=\"3939d96\" data-element_type=\"widget\" data-e-type=\"widget\" data-widget_type=\"spacer.default\">\n\t\t\t\t<div class=\"elementor-widget-container\">\n\t\t\t\t\t\t\t<div class=\"elementor-spacer\">\n\t\t\t<div class=\"elementor-spacer-inner\"><\/div>\n\t\t<\/div>\n\t\t\t\t\t\t<\/div>\n\t\t\t\t<\/div>\n\t\t\t\t<div class=\"elementor-element elementor-element-ff03cd1 elementor-widget elementor-widget-text-editor\" data-id=\"ff03cd1\" data-element_type=\"widget\" data-e-type=\"widget\" data-widget_type=\"text-editor.default\">\n\t\t\t\t<div class=\"elementor-widget-container\">\n\t\t\t\t\t\t\t\t\t<h5>Jornada de Ganader\u00eda de Carne<\/h5><p class=\"isSelectedEnd\">La ganader\u00eda de carne enfrenta nuevos desaf\u00edos y oportunidades. Conocer qu\u00e9 demanda el mercado y c\u00f3mo responder desde la producci\u00f3n es fundamental para construir una actividad cada vez m\u00e1s eficiente, rentable y competitiva.<\/p><p class=\"isSelectedEnd\">En el marco de la <strong>MECA<\/strong>, te invitamos a participar de una jornada pensada para productores, profesionales y todos aquellos vinculados al sector ganadero.<\/p><h5>Una mirada experta sobre la producci\u00f3n de carne<\/h5><p class=\"isSelectedEnd\">La jornada estar\u00e1 a cargo de <strong>Oscar \u201cChoch\u00edn\u201d Ferrero<\/strong>, reconocido m\u00e9dico veterinario y asesor especialista en <strong>nutrici\u00f3n y producci\u00f3n de carne bovina en Argentina<\/strong>.<\/p><p class=\"isSelectedEnd\">Con una amplia trayectoria en el acompa\u00f1amiento de productores y empresas del sector, Ferrero compartir\u00e1 su mirada sobre los desaf\u00edos de la ganader\u00eda actual y las herramientas necesarias para <strong>producir la carne que el mercado demanda<\/strong>, poniendo el foco en la nutrici\u00f3n, la eficiencia y la calidad.<\/p><h5>Del conocimiento a la experiencia<\/h5><p class=\"isSelectedEnd\">Como cierre de la jornada, los conceptos y desaf\u00edos de la producci\u00f3n ganadera llegar\u00e1n a la mesa a trav\u00e9s de una <strong>experiencia de maridaje de carne vacuna<\/strong>, pensada para disfrutar y poner en valor la calidad del producto final.<\/p><p class=\"isSelectedEnd\">Porque producir carne tambi\u00e9n es entender todo el camino que existe <strong>desde el campo hasta la mesa<\/strong>.<\/p><p class=\"isSelectedEnd\">Una jornada para <strong>escuchar, aprender, intercambiar ideas y disfrutar<\/strong>.<\/p>\t\t\t\t\t\t\t\t<\/div>\n\t\t\t\t<\/div>\n\t\t\t\t\t<\/div>\n\t\t\t\t<\/div>\n\t\t\t\t<\/div>\n\t\t","protected":false},"excerpt":{"rendered":"<p>Produciendo para la ganader\u00eda que el mercado pide AUDITORIO SRVM | 18:00hs Jornada de Ganader\u00eda de Carne La ganader\u00eda de carne enfrenta nuevos desaf\u00edos y oportunidades. Conocer qu\u00e9 demanda el mercado y c\u00f3mo responder desde la producci\u00f3n es fundamental para construir una actividad cada vez m\u00e1s eficiente, rentable y competitiva. En el marco de la MECA, te invitamos a participar de una jornada pensada para productores, profesionales y todos aquellos vinculados al sector ganadero. Una mirada experta sobre la producci\u00f3n de carne La jornada estar\u00e1 a cargo de Oscar \u201cChoch\u00edn\u201d Ferrero, reconocido m\u00e9dico veterinario y asesor especialista en nutrici\u00f3n y producci\u00f3n de carne bovina en Argentina. Con una amplia trayectoria en el acompa\u00f1amiento de productores y empresas del sector, Ferrero compartir\u00e1 su mirada sobre los desaf\u00edos de la ganader\u00eda actual y las herramientas necesarias para producir la carne que el mercado demanda, poniendo el foco en la nutrici\u00f3n, la eficiencia y la calidad. Del conocimiento a la experiencia Como cierre de la jornada, los conceptos y desaf\u00edos de la producci\u00f3n ganadera llegar\u00e1n a la mesa a trav\u00e9s de una experiencia de maridaje de carne vacuna, pensada para disfrutar y poner en valor la calidad del producto final. Porque producir carne tambi\u00e9n es entender todo el camino que existe desde el campo hasta la mesa. Una jornada para escuchar, aprender, intercambiar ideas y disfrutar.<\/p>\n","protected":false},"author":3,"featured_media":0,"parent":0,"menu_order":0,"comment_status":"closed","ping_status":"closed","template":"elementor_header_footer","meta":{"_eb_attr":"","site-sidebar-layout":"no-sidebar","site-content-layout":"","ast-site-content-layout":"full-width-container","site-content-style":"default","site-sidebar-style":"default","ast-global-header-display":"","ast-banner-title-visibility":"","ast-main-header-display":"","ast-hfb-above-header-display":"","ast-hfb-below-header-display":"","ast-hfb-mobile-header-display":"","site-post-title":"","ast-breadcrumbs-content":"","ast-featured-img":"disabled","footer-sml-layout":"","ast-disable-related-posts":"","theme-transparent-header-meta":"","adv-header-id-meta":"","stick-header-meta":"","header-above-stick-meta":"","header-main-stick-meta":"","header-below-stick-meta":"","astra-migrate-meta-layouts":"default","ast-page-background-enabled":"default","ast-page-background-meta":{"desktop":{"background-color":"var(--ast-global-color-5)","background-image":"","background-repeat":"repeat","background-position":"center center","background-size":"auto","background-attachment":"scroll","background-type":"","background-media":"","overlay-type":"","overlay-color":"","overlay-opacity":"","overlay-gradient":""},"tablet":{"background-color":"","background-image":"","background-repeat":"repeat","background-position":"center center","background-size":"auto","background-attachment":"scroll","background-type":"","background-media":"","overlay-type":"","overlay-color":"","overlay-opacity":"","overlay-gradient":""},"mobile":{"background-color":"","background-image":"","background-repeat":"repeat","background-position":"center center","background-size":"auto","background-attachment":"scroll","background-type":"","background-media":"","overlay-type":"","overlay-color":"","overlay-opacity":"","overlay-gradient":""}},"ast-content-background-meta":{"desktop":{"background-color":"var(--ast-global-color-4)","background-image":"","background-repeat":"repeat","background-position":"center center","background-size":"auto","background-attachment":"scroll","background-type":"","background-media":"","overlay-type":"","overlay-color":"","overlay-opacity":"","overlay-gradient":""},"tablet":{"background-color":"var(--ast-global-color-4)","background-image":"","background-repeat":"repeat","background-position":"center center","background-size":"auto","background-attachment":"scroll","background-type":"","background-media":"","overlay-type":"","overlay-color":"","overlay-opacity":"","overlay-gradient":""},"mobile":{"background-color":"var(--ast-global-color-4)","background-image":"","background-repeat":"repeat","background-position":"center center","background-size":"auto","background-attachment":"scroll","background-type":"","background-media":"","overlay-type":"","overlay-color":"","overlay-opacity":"","overlay-gradient":""}},"footnotes":""},"class_list":["post-1501","page","type-page","status-publish","hentry"],"_links":{"self":[{"href":"https:\/\/megaexpovillamaria.com.ar\/exposicion-villa-maria\/wp-json\/wp\/v2\/pages\/1501","targetHints":{"allow":["GET"]}}],"collection":[{"href":"https:\/\/megaexpovillamaria.com.ar\/exposicion-villa-maria\/wp-json\/wp\/v2\/pages"}],"about":[{"href":"https:\/\/megaexpovillamaria.com.ar\/exposicion-villa-maria\/wp-json\/wp\/v2\/types\/page"}],"author":[{"embeddable":true,"href":"https:\/\/megaexpovillamaria.com.ar\/exposicion-villa-maria\/wp-json\/wp\/v2\/users\/3"}],"replies":[{"embeddable":true,"href":"https:\/\/megaexpovillamaria.com.ar\/exposicion-villa-maria\/wp-json\/wp\/v2\/comments?post=1501"}],"version-history":[{"count":7,"href":"https:\/\/megaexpovillamaria.com.ar\/exposicion-villa-maria\/wp-json\/wp\/v2\/pages\/1501\/revisions"}],"predecessor-version":[{"id":1510,"href":"https:\/\/megaexpovillamaria.com.ar\/exposicion-villa-maria\/wp-json\/wp\/v2\/pages\/1501\/revisions\/1510"}],"wp:attachment":[{"href":"https:\/\/megaexpovillamaria.com.ar\/exposicion-villa-maria\/wp-json\/wp\/v2\/media?parent=1501"}],"curies":[{"name":"wp","href":"https:\/\/api.w.org\/{rel}","templated":true}]}}